{"id":269,"date":"2017-09-25T18:45:07","date_gmt":"2017-09-25T16:45:07","guid":{"rendered":"http:\/\/www.cecbacaspe.es\/site\/?page_id=269"},"modified":"2017-10-02T16:57:12","modified_gmt":"2017-10-02T14:57:12","slug":"_publicaciones","status":"publish","type":"page","link":"https:\/\/www.cecbacaspe.es\/site\/_publicaciones\/","title":{"rendered":"Publicaciones"},"content":{"rendered":"<h2>Todas las publicaciones<\/h2>\n<div class=\"pt-cv-wrapper\"><div class=\"pt-cv-view pt-cv-collapsible pt-cv-nolf\" id=\"pt-cv-view-2820f990fk\"><div data-id=\"pt-cv-page-1\" class=\"pt-cv-page\" data-cvc=\"1\"><div class=\"panel-group\" id=\"f803611la3\"><div class=\"panel panel-default pt-cv-content-item pt-cv-2-col\" >\r\n<div class=\"panel-heading pt-cv-title\">\r\n    <a class=\"panel-title\" data-toggle=\"cvcollapse\" data-parent=\"#f803611la3\" data-target=\"#77c25e6yg8\" href='https:\/\/www.cecbacaspe.es\/site\/_publicaciones\/bajo-aragon-prehistoria-i\/' onclick='event.preventDefault()'>\r\n\t\tBajo Arag\u00f3n Prehistoria &#8211; I\t<\/a>\r\n\t<\/div>\r\n<div id=\"77c25e6yg8\" class=\"panel-collapse collapse \">\r\n\t<div class=\"panel-body\">\r\n\t\t<a href=\"https:\/\/www.cecbacaspe.es\/site\/_publicaciones\/bajo-aragon-prehistoria-i\/\" class=\"_self pt-cv-href-thumbnail pt-cv-thumb-left\" target=\"_self\" ><img loading=\"lazy\" decoding=\"async\" width=\"119\" height=\"156\" src=\"https:\/\/www.cecbacaspe.es\/site\/wp-content\/uploads\/2017\/09\/bap01.jpg\" class=\"pt-cv-thumbnail pull-left\" alt=\"\" \/><\/a>\n<div class=\"pt-cv-content\">Nuevo taller de s\u00edlex en \"Estancos\" (Alcorisa) \/ Andr\u00e9s Alvarez Gracia, Juan Javier Enr\u00edquez Navascu\u00e9s (P\u00e1gs. 1 a 8) Aproximaci\u00f3n ...<br \/><div class=\"pt-cv-rmwrap\"><a href=\"https:\/\/www.cecbacaspe.es\/site\/_publicaciones\/bajo-aragon-prehistoria-i\/\" class=\"_self pt-cv-readmore btn btn-success\" target=\"_self\">M\u00e1s informaci\u00f3n<\/a><\/div><\/div>\t<\/div>\r\n<\/div><\/div>\n<div class=\"panel panel-default pt-cv-content-item pt-cv-2-col\" >\r\n<div class=\"panel-heading pt-cv-title\">\r\n    <a class=\"panel-title\" data-toggle=\"cvcollapse\" data-parent=\"#f803611la3\" data-target=\"#e0c37c77v6\" href='https:\/\/www.cecbacaspe.es\/site\/_publicaciones\/bajo-aragon-prehistoria-ii\/' onclick='event.preventDefault()'>\r\n\t\tBajo Arag\u00f3n Prehistoria &#8211; II\t<\/a>\r\n\t<\/div>\r\n<div id=\"e0c37c77v6\" class=\"panel-collapse collapse \">\r\n\t<div class=\"panel-body\">\r\n\t\t<a href=\"https:\/\/www.cecbacaspe.es\/site\/_publicaciones\/bajo-aragon-prehistoria-ii\/\" class=\"_self pt-cv-href-thumbnail pt-cv-thumb-left\" target=\"_self\" ><img loading=\"lazy\" decoding=\"async\" width=\"120\" height=\"174\" src=\"https:\/\/www.cecbacaspe.es\/site\/wp-content\/uploads\/2017\/09\/bap02.jpg\" class=\"pt-cv-thumbnail pull-left\" alt=\"\" srcset=\"https:\/\/www.cecbacaspe.es\/site\/wp-content\/uploads\/2017\/09\/bap02.jpg 120w, https:\/\/www.cecbacaspe.es\/site\/wp-content\/uploads\/2017\/09\/bap02-110x160.jpg 110w\" sizes=\"(max-width: 120px) 100vw, 120px\" \/><\/a>\n<div class=\"pt-cv-content\">Medio ambiente y culturas humanas durante el Pleistoceno y mitad del Holoceno en tierras castellonenses\u00a0\/ Francesc Gusi Jener (P\u00e1gs. 7 ...<br \/><div class=\"pt-cv-rmwrap\"><a href=\"https:\/\/www.cecbacaspe.es\/site\/_publicaciones\/bajo-aragon-prehistoria-ii\/\" class=\"_self pt-cv-readmore btn btn-success\" target=\"_self\">M\u00e1s informaci\u00f3n<\/a><\/div><\/div>\t<\/div>\r\n<\/div><\/div>\n<div class=\"panel panel-default pt-cv-content-item pt-cv-2-col\" >\r\n<div class=\"panel-heading pt-cv-title\">\r\n    <a class=\"panel-title\" data-toggle=\"cvcollapse\" data-parent=\"#f803611la3\" data-target=\"#b6d4245yi2\" href='https:\/\/www.cecbacaspe.es\/site\/_publicaciones\/bajo-aragon-prehistoria-iii\/' onclick='event.preventDefault()'>\r\n\t\tBajo Arag\u00f3n Prehistoria &#8211; III\t<\/a>\r\n\t<\/div>\r\n<div id=\"b6d4245yi2\" class=\"panel-collapse collapse \">\r\n\t<div class=\"panel-body\">\r\n\t\t<a href=\"https:\/\/www.cecbacaspe.es\/site\/_publicaciones\/bajo-aragon-prehistoria-iii\/\" class=\"_self pt-cv-href-thumbnail pt-cv-thumb-left\" target=\"_self\" ><img loading=\"lazy\" decoding=\"async\" width=\"119\" height=\"174\" src=\"https:\/\/www.cecbacaspe.es\/site\/wp-content\/uploads\/2017\/09\/bap03.jpg\" class=\"pt-cv-thumbnail pull-left\" alt=\"\" srcset=\"https:\/\/www.cecbacaspe.es\/site\/wp-content\/uploads\/2017\/09\/bap03.jpg 119w, https:\/\/www.cecbacaspe.es\/site\/wp-content\/uploads\/2017\/09\/bap03-109x160.jpg 109w\" sizes=\"(max-width: 119px) 100vw, 119px\" \/><\/a>\n<div class=\"pt-cv-content\">EspEpipaleol\u00edtico y Neol\u00edtico en el abrigo de Costalena (Bajo Arag\u00f3n)\u00a0\/ Ignacio Barandiar\u00e1n Maestu, Ana Cava Almuzara (P\u00e1gs.5 a 20)El yacimiento ...<br \/><div class=\"pt-cv-rmwrap\"><a href=\"https:\/\/www.cecbacaspe.es\/site\/_publicaciones\/bajo-aragon-prehistoria-iii\/\" class=\"_self pt-cv-readmore btn btn-success\" target=\"_self\">M\u00e1s informaci\u00f3n<\/a><\/div><\/div>\t<\/div>\r\n<\/div><\/div><\/div><\/div><\/div><\/div>\n","protected":false},"excerpt":{"rendered":"<p>Todas las publicaciones<\/p>\n <a class=\"more-link\" href=\"https:\/\/www.cecbacaspe.es\/site\/_publicaciones\/\"><span class=\"more-msg\">Sigue leyendo &rarr;<\/span><\/a>","protected":false},"author":1,"featured_media":0,"parent":0,"menu_order":0,"comment_status":"closed","ping_status":"closed","template":"","meta":{"_acf_changed":false,"footnotes":""},"acf":[],"_links":{"self":[{"href":"https:\/\/www.cecbacaspe.es\/site\/wp-json\/wp\/v2\/pages\/269"}],"collection":[{"href":"https:\/\/www.cecbacaspe.es\/site\/wp-json\/wp\/v2\/pages"}],"about":[{"href":"https:\/\/www.cecbacaspe.es\/site\/wp-json\/wp\/v2\/types\/page"}],"author":[{"embeddable":true,"href":"https:\/\/www.cecbacaspe.es\/site\/wp-json\/wp\/v2\/users\/1"}],"replies":[{"embeddable":true,"href":"https:\/\/www.cecbacaspe.es\/site\/wp-json\/wp\/v2\/comments?post=269"}],"version-history":[{"count":6,"href":"https:\/\/www.cecbacaspe.es\/site\/wp-json\/wp\/v2\/pages\/269\/revisions"}],"predecessor-version":[{"id":295,"href":"https:\/\/www.cecbacaspe.es\/site\/wp-json\/wp\/v2\/pages\/269\/revisions\/295"}],"wp:attachment":[{"href":"https:\/\/www.cecbacaspe.es\/site\/wp-json\/wp\/v2\/media?parent=269"}],"curies":[{"name":"wp","href":"https:\/\/api.w.org\/{rel}","templated":true}]}}