{"id":292,"date":"2017-10-02T16:53:36","date_gmt":"2017-10-02T14:53:36","guid":{"rendered":"http:\/\/www.cecbacaspe.es\/site\/?page_id=292"},"modified":"2023-01-19T19:28:08","modified_gmt":"2023-01-19T18:28:08","slug":"bajo-aragon-prehistoria-iii","status":"publish","type":"page","link":"https:\/\/www.cecbacaspe.es\/site\/_publicaciones\/bajo-aragon-prehistoria-iii\/","title":{"rendered":"Bajo Arag\u00f3n Prehistoria &#8211; III"},"content":{"rendered":"\n<p><\/p>\n\n\n\n<div class=\"wp-block-media-text alignfull is-stacked-on-mobile is-vertically-aligned-center\"><figure class=\"wp-block-media-text__media\"><img decoding=\"async\" src=\"https:\/\/s.w.org\/images\/core\/5.8\/architecture-04.jpg\" alt=\"Primer plano, vista abstracta de arquitectura.\"\/><\/figure><div class=\"wp-block-media-text__content\">\n<h6 class=\"wp-block-heading has-text-color\" style=\"color:#000000\"><strong>Esp<strong>Epipaleol\u00edtico y Neol\u00edtico en el abrigo de Costalena (Bajo Arag\u00f3n)<\/strong>\u00a0\/ Ignacio Barandiar\u00e1n Maestu, Ana Cava Almuzara (P\u00e1gs.5 a 20)<br><strong>El yacimiento megal\u00edtico de Santa Quiteria (Bolea, Huesca)\u00a0<\/strong>\/ Mar\u00eda del Pilar Utrilla Miranda (P\u00e1gs.21 a 27)<br><strong>La necr\u00f3polis tumular de la Loma de los Brunos de Caspe : avance de su estudio tras la campa\u00f1a arqueol\u00f3gica de 1980\u00a0<\/strong>\/ Jorge Juan Eiroa Garc\u00eda (P\u00e1gs. 28 a 40)<br><strong>Notas sobre metalurgia del Bronce en el Valle del Ebro<\/strong>\u00a0\/ Andr\u00e9s Alvarez Gracia (P\u00e1gs.41 a 51)<br><strong>Morillos prism\u00e1ticos de la Edad de Hierro en el Valle del Ebro<\/strong>\u00a0\/ Gonzalo Ruiz Zapatero (P\u00e1gs. 52-62)<br><strong>Hallazgos de la primera Edad del Hierro en el curso final de la Huerva (Zaragoza)\u00a0<\/strong>\/ Francisco Burillo Mozota (P\u00e1gs. 63-82)<br><strong>Un yacimiento del Bronce Final en la depresi\u00f3n de Mas de las Matas (Teruel)<\/strong>\u00a0\/ Antonio Mart\u00edn Costea, Antonio Serrano Ferrer (P\u00e1gs. 83-86)<br><strong>An\u00e1lisis de mineral en cargamento de pecio romano<\/strong>\u00a0\/ Manuel Antonio Mart\u00edn Bueno (P\u00e1gs. 87-88)<br><strong>An\u00e1lisis de pigmento para cer\u00e1mica ib\u00e9rica\u00a0<\/strong>\/ Manuel Antonio Mart\u00edn Bueno, Fernando Garc\u00eda Mart\u00ednez-Toledo (P\u00e1gs. 89-90)<br><strong>Una moneda in\u00e9dita de Sekaisa<\/strong>\u00a0\/ Francisco de A. Escudero (P\u00e1gs. 91-92)acios abiertos<\/strong><\/h6>\n\n\n\n<p class=\"has-text-align-center has-extra-small-font-size\"><a href=\"#\">Ver estudio de caso \u2197<\/a><\/p>\n<\/div><\/div>\n","protected":false},"excerpt":{"rendered":"<p>EspEpipaleol\u00edtico y Neol\u00edtico en el abrigo de Costalena (Bajo Arag\u00f3n)\u00a0\/ Ignacio Barandiar\u00e1n Maestu, Ana Cava Almuzara (P\u00e1gs.5 a 20)El yacimiento megal\u00edtico de Santa Quiteria (Bolea, Huesca)\u00a0\/ Mar\u00eda del Pilar Utrilla Miranda (P\u00e1gs.21 a 27)La necr\u00f3polis tumular de la Loma de <span class=\"excerpt-dots\">&hellip;<\/span> <a class=\"more-link\" href=\"https:\/\/www.cecbacaspe.es\/site\/_publicaciones\/bajo-aragon-prehistoria-iii\/\"><span class=\"more-msg\">Sigue leyendo &rarr;<\/span><\/a><\/p>\n","protected":false},"author":1,"featured_media":280,"parent":269,"menu_order":0,"comment_status":"closed","ping_status":"closed","template":"publicaciones_impresas","meta":{"_acf_changed":false,"footnotes":""},"acf":[],"_links":{"self":[{"href":"https:\/\/www.cecbacaspe.es\/site\/wp-json\/wp\/v2\/pages\/292"}],"collection":[{"href":"https:\/\/www.cecbacaspe.es\/site\/wp-json\/wp\/v2\/pages"}],"about":[{"href":"https:\/\/www.cecbacaspe.es\/site\/wp-json\/wp\/v2\/types\/page"}],"author":[{"embeddable":true,"href":"https:\/\/www.cecbacaspe.es\/site\/wp-json\/wp\/v2\/users\/1"}],"replies":[{"embeddable":true,"href":"https:\/\/www.cecbacaspe.es\/site\/wp-json\/wp\/v2\/comments?post=292"}],"version-history":[{"count":4,"href":"https:\/\/www.cecbacaspe.es\/site\/wp-json\/wp\/v2\/pages\/292\/revisions"}],"predecessor-version":[{"id":1073,"href":"https:\/\/www.cecbacaspe.es\/site\/wp-json\/wp\/v2\/pages\/292\/revisions\/1073"}],"up":[{"embeddable":true,"href":"https:\/\/www.cecbacaspe.es\/site\/wp-json\/wp\/v2\/pages\/269"}],"wp:featuredmedia":[{"embeddable":true,"href":"https:\/\/www.cecbacaspe.es\/site\/wp-json\/wp\/v2\/media\/280"}],"wp:attachment":[{"href":"https:\/\/www.cecbacaspe.es\/site\/wp-json\/wp\/v2\/media?parent=292"}],"curies":[{"name":"wp","href":"https:\/\/api.w.org\/{rel}","templated":true}]}}